{"id":418,"date":"2022-02-17T18:07:27","date_gmt":"2022-02-17T16:07:27","guid":{"rendered":"https:\/\/korpiselka.fi\/?page_id=418"},"modified":"2022-02-17T18:29:29","modified_gmt":"2022-02-17T16:29:29","slug":"luovutettu-karjala-tietopankki","status":"publish","type":"page","link":"https:\/\/korpiselka.fi\/?page_id=418","title":{"rendered":"LUOVUTETTU KARJALA TIETOPANKKI"},"content":{"rendered":"\n<p><strong><u>Karjalan Liitto <\/u><\/strong><\/p>\n\n\n\n<p><strong><a href=\"https:\/\/www.karjalanliitto.fi\/\">https:\/\/www.karjalanliitto.fi\/<\/a><u><a href=\"https:\/\/www.karjalanliitto.fi\/\"> <\/a>&nbsp;<\/u><\/strong><\/p>\n\n\n\n<p><strong><u>Karjalan Liitto, videotallenteet<\/u><\/strong><\/p>\n\n\n\n<p><a href=\"https:\/\/www.karjalanliitto.fi\/karjalan-liitto\/karjalan-liiton-toiminta\/tallenteet.html\">https:\/\/www.karjalanliitto.fi\/karjalan-liitto\/karjalan-liiton-toiminta\/tallenteet.html<\/a><\/p>\n\n\n\n<p><strong><u>Karjalan Liitto, Youtube-kanava<\/u><\/strong><\/p>\n\n\n\n<p><a href=\"https:\/\/www.youtube.com\/channel\/UCBMN7Hk0k5T-kpYjynWdQcw\/videos\">https:\/\/www.youtube.com\/channel\/UCBMN7Hk0k5T-kpYjynWdQcw\/videos<\/a><\/p>\n\n\n\n<p><strong><u>Karjalan Liitto, j\u00e4senyhteis\u00f6t<\/u><\/strong><\/p>\n\n\n\n<p><a href=\"https:\/\/www.karjalanliitto.fi\/karjalan-liitto\/jasenyhteisot.html\">https:\/\/www.karjalanliitto.fi\/karjalan-liitto\/jasenyhteisot.html<\/a><\/p>\n\n\n\n<p><strong><u>Karjalan sankarihautausmaat <\/u><\/strong><\/p>\n\n\n\n<p><strong><a href=\"https:\/\/karjalansankarihautausmaat.fi\/\">https:\/\/karjalansankarihautausmaat.fi<\/a><u><a href=\"https:\/\/karjalansankarihautausmaat.fi\/\"><\/a><\/u><\/strong><\/p>\n\n\n\n<p><strong><u>Karjalan Liito, Karjala-tietoutta lapsille ja nuorille<\/u><\/strong><\/p>\n\n\n\n<p><a href=\"https:\/\/www.karjalanliitto.fi\/karjalan-liitto\/karjalan-liiton-toiminta\/lapsille-ja-nuorille.html\">https:\/\/www.karjalanliitto.fi\/karjalan-liitto\/karjalan-liiton-toiminta\/lapsille-ja-nuorille.html<\/a><\/p>\n\n\n\n<p><strong><u>Karjalaiset kes\u00e4juhlat <\/u><\/strong><\/p>\n\n\n\n<p><strong><a href=\"https:\/\/www.karjalaisetkesajuhlat.fi\/\">https:\/\/www.karjalaisetkesajuhlat.fi\/<\/a><u><a href=\"https:\/\/www.karjalaisetkesajuhlat.fi\/\"> <\/a>&nbsp;<\/u><\/strong><\/p>\n\n\n\n<p><strong><u>Sanomalehti Karjala <\/u><\/strong><\/p>\n\n\n\n<p><strong><a href=\"https:\/\/www.karjala-lehti.fi\/\">https:\/\/www.karjala-lehti.fi\/<\/a><u><a href=\"https:\/\/www.karjala-lehti.fi\/\"> <\/a>&nbsp;<\/u><\/strong><\/p>\n\n\n\n<p><strong><u>Katiha \u2012 Karjala-tietokantahaku <\/u><\/strong><\/p>\n\n\n\n<p><strong><a href=\"https:\/\/katiha.xamk.fi\/\">https:\/\/katiha.xamk.fi\/<\/a><u><a href=\"https:\/\/katiha.xamk.fi\/\"> <\/a>&nbsp;<\/u><\/strong><\/p>\n\n\n\n<p><strong><u>Karjalan kartat <\/u><\/strong><\/p>\n\n\n\n<p><strong><a href=\"https:\/\/www.karjalankartat.fi\/\">https:\/\/www.karjalankartat.fi\/<\/a><u><a href=\"https:\/\/www.karjalankartat.fi\/\"> <\/a>&nbsp;<\/u><\/strong><\/p>\n\n\n\n<p><a href=\"https:\/\/www.maanmittauslaitos.fi\/asioi-verkossa\/vanhat-karjalan-kartat\">https:\/\/www.maanmittauslaitos.fi\/asioi-verkossa\/vanhat-karjalan-kartat<\/a><\/p>\n\n\n\n<p><strong><u>Karjalan S\u00e4\u00e4ti\u00f6 <\/u><\/strong><\/p>\n\n\n\n<p><strong><a href=\"https:\/\/www.karjalansaatio.fi\/\" target=\"_blank\" rel=\"noreferrer noopener\">https:\/\/www.karjalansaatio.fi\/<\/a><\/strong><\/p>\n\n\n\n<p><strong><u>Karjalazet nuoret Suomes &#8211; Karjalaiset nuoret Suomessa ry <\/u><\/strong><\/p>\n\n\n\n<p><strong><a href=\"https:\/\/www.karjalazet.fi\/\">https:\/\/www.karjalazet.fi\/<\/a><u><a href=\"https:\/\/www.karjalazet.fi\/\"> <\/a>&nbsp;<\/u><\/strong><\/p>\n\n\n\n<p><strong><u>Kalevalaisten naisten liitto <\/u><\/strong><\/p>\n\n\n\n<p><strong><a href=\"https:\/\/www.kalevalaistennaistenliitto.fi\/\">https:\/\/www.kalevalaistennaistenliitto.fi\/<\/a><u><a href=\"https:\/\/www.kalevalaistennaistenliitto.fi\/\"><\/a><\/u><\/strong><\/p>\n\n\n\n<p><strong><u>Naisten \u00e4\u00e4ni, siirtolaisia ja evakkoja<\/u><\/strong><\/p>\n\n\n\n<p><a href=\"https:\/\/www.naistenaani.fi\/elamakerrat\/siirtolaisia-ja-evakkoja\/\">https:\/\/www.naistenaani.fi\/elamakerrat\/siirtolaisia-ja-evakkoja\/<\/a><\/p>\n\n\n\n<p><strong><u>Murresanastoa (luovutettukarjala.fi) <\/u><\/strong><\/p>\n\n\n\n<p><strong><a href=\"https:\/\/www.luovutettukarjala.fi\/murre\/murre.htm\">https:\/\/www.luovutettukarjala.fi\/murre\/murre.htm<\/a><u><a href=\"https:\/\/www.luovutettukarjala.fi\/murre\/murre.htm\"> <\/a>&nbsp;<\/u><\/strong><\/p>\n\n\n\n<p><strong><u>Karjalan Sivistysseura, Sampo-tietokanta <\/u><\/strong><\/p>\n\n\n\n<p><strong><a href=\"https:\/\/www.karjalansivistysseura.fi\/sampo\/fi\">https:\/\/www.karjalansivistysseura.fi\/sampo\/fi<\/a><u><a href=\"https:\/\/www.karjalansivistysseura.fi\/sampo\/fi\"><\/a><\/u><\/strong><\/p>\n\n\n\n<p><strong><u>Karjalan Sivistysseura, Sampo-tietokanta (kuvakokoelmat) <\/u><a href=\"https:\/\/www.karjalansivistysseura.fi\/sampo\/fi\/aineistot\/kuvakokoelmat\">https:\/\/www.karjalansivistysseura.fi\/sampo\/fi\/aineistot\/kuvakokoelmat<\/a><\/strong><strong><u><a href=\"https:\/\/www.karjalansivistysseura.fi\/sampo\/fi\/aineistot\/kuvakokoelmat\"> <\/a>&nbsp;<\/u><\/strong><\/p>\n\n\n\n<p><strong><u>Digikarelia (Lappeenrannan maakuntakirjaston aineistoja) <\/u><\/strong><\/p>\n\n\n\n<p><strong><a href=\"https:\/\/www.digicarelica.fi\/\">https:\/\/www.digicarelica.fi\/<\/a><u><a href=\"https:\/\/www.digicarelica.fi\/\"><\/a><\/u><\/strong><\/p>\n\n\n\n<p><strong><u>Kotimaisten kielten keskus, Karjala <\/u><\/strong><\/p>\n\n\n\n<p><strong><a href=\"https:\/\/www.kotus.fi\/kielitieto\/kielet\/karjala\">https:\/\/www.kotus.fi\/kielitieto\/kielet\/karjala<\/a><u><a href=\"https:\/\/www.kotus.fi\/kielitieto\/kielet\/karjala\"> <\/a>&nbsp;<\/u><\/strong><\/p>\n\n\n\n<p><strong><u>Karjalan kielen sanakirja (Kotus) <\/u><\/strong><\/p>\n\n\n\n<p><strong><a href=\"https:\/\/kaino.kotus.fi\/cgi-bin\/kks\/karjala.cgi\">https:\/\/kaino.kotus.fi\/cgi-bin\/kks\/karjala.cgi<\/a><u><a href=\"https:\/\/kaino.kotus.fi\/cgi-bin\/kks\/karjala.cgi\"> <\/a>&nbsp;<\/u><\/strong><\/p>\n\n\n\n<p><strong><u>Kotimaisten kielten keskus, karjalan kielen murteet<\/u><\/strong><\/p>\n\n\n\n<p><a href=\"https:\/\/kaino.kotus.fi\/www\/verkkojulkaisut\/julk129\/karjalan_kielen_murteet.shtml\">https:\/\/kaino.kotus.fi\/www\/verkkojulkaisut\/julk129\/karjalan_kielen_murteet.shtml<\/a><\/p>\n\n\n\n<p><strong><u>Digikoivikko (Joensuun seutukirjaston maakuntakokoelman aineistoa) <\/u><a href=\"http:\/\/digikoivikko.vaarakirjastot.fi\/lisatietoja\">http:\/\/digikoivikko.vaarakirjastot.fi\/lisatietoja<\/a><\/strong><strong><u><a href=\"http:\/\/digikoivikko.vaarakirjastot.fi\/lisatietoja\"><\/a><\/u><\/strong><\/p>\n\n\n\n<p><strong><u>Pohjois-Karjala-kokoelman muisteluaineisto <\/u><\/strong><\/p>\n\n\n\n<p><strong><a href=\"https:\/\/vaara.finna.fi\/Content\/muisteluaineisto\">https:\/\/vaara.finna.fi\/Content\/muisteluaineisto<\/a><u><a href=\"https:\/\/vaara.finna.fi\/Content\/muisteluaineisto\"><\/a><\/u><\/strong><\/p>\n\n\n\n<p><strong><u>Suomen armeijan kuva-arkisto <\/u><\/strong><\/p>\n\n\n\n<p><strong><a href=\"http:\/\/sa-kuva.fi\/\">http:\/\/sa-kuva.fi\/<\/a><u><a href=\"http:\/\/sa-kuva.fi\/\"><\/a><\/u><\/strong><\/p>\n\n\n\n<p><strong><u>Sotasampo, semanttinen web <\/u><\/strong><\/p>\n\n\n\n<p><strong><a href=\"https:\/\/www.sotasampo.fi\/fi\/\">https:\/\/www.sotasampo.fi\/fi\/<\/a><u><a href=\"https:\/\/www.sotasampo.fi\/fi\/\"> <\/a>&nbsp;<\/u><\/strong><\/p>\n\n\n\n<p><strong><u>It\u00e4-Suomen yliopisto, Karjalan tutkimuslaitos <\/u><\/strong><\/p>\n\n\n\n<p><strong><a href=\"https:\/\/www.uef.fi\/fi\/yksikko\/karjalan-tutkimuslaitos\">https:\/\/www.uef.fi\/fi\/yksikko\/karjalan-tutkimuslaitos<\/a><u><a href=\"https:\/\/www.uef.fi\/fi\/yksikko\/karjalan-tutkimuslaitos\"><\/a><\/u><\/strong><\/p>\n\n\n\n<p><strong><u>It\u00e4-Suomen yliopisto, Karjala ja kielikontaktit <\/u><\/strong><\/p>\n\n\n\n<p><strong><a href=\"https:\/\/sites.uef.fi\/karjala\/\">https:\/\/sites.uef.fi\/karjala\/<\/a><u><a href=\"https:\/\/sites.uef.fi\/karjala\/\"><\/a><\/u><\/strong><\/p>\n\n\n\n<p><strong><u>Karjalan kielen tutkimuskysymyksi\u00e4 (It\u00e4-Suomen yliopisto, luentosarja) <\/u><a href=\"https:\/\/sites.uef.fi\/karjala\/videoluennot\/karjalan-kielen-tutkimuskysymyksia\/\">https:\/\/sites.uef.fi\/karjala\/videoluennot\/karjalan<\/a><a href=\"https:\/\/sites.uef.fi\/karjala\/videoluennot\/karjalan-kielen-tutkimuskysymyksia\/\">&#8211;<\/a><a href=\"https:\/\/sites.uef.fi\/karjala\/videoluennot\/karjalan-kielen-tutkimuskysymyksia\/\">kielen<\/a><a href=\"https:\/\/sites.uef.fi\/karjala\/videoluennot\/karjalan-kielen-tutkimuskysymyksia\/\">&#8211;<\/a><a href=\"https:\/\/sites.uef.fi\/karjala\/videoluennot\/karjalan-kielen-tutkimuskysymyksia\/\">tutkimuskysymyksia\/<\/a><\/strong><strong><u><a href=\"https:\/\/sites.uef.fi\/karjala\/videoluennot\/karjalan-kielen-tutkimuskysymyksia\/\"><\/a><\/u><\/strong><\/p>\n\n\n\n<p><strong><u>Livvinkarjalan kielikurssi (It\u00e4-Suomen yliopisto, luentosarja) <\/u><a href=\"https:\/\/sites.uef.fi\/karjala\/videoluennot\/livvinkarjalan-kielikurssi\/\">https:\/\/sites.uef.fi\/karjala\/videoluennot\/livvinkarjalan<\/a><a href=\"https:\/\/sites.uef.fi\/karjala\/videoluennot\/livvinkarjalan-kielikurssi\/\">&#8211;<\/a><a href=\"https:\/\/sites.uef.fi\/karjala\/videoluennot\/livvinkarjalan-kielikurssi\/\">kielikurssi\/<\/a><\/strong><strong><u><a href=\"https:\/\/sites.uef.fi\/karjala\/videoluennot\/livvinkarjalan-kielikurssi\/\"><\/a><\/u><\/strong><\/p>\n\n\n\n<p><strong><u>Antreasta \u00c4yr\u00e4p\u00e4\u00e4h\u00e4n, Luovutetun Karjalan pit\u00e4jien nimet: <\/u><a href=\"https:\/\/kaino.kotus.fi\/www\/verkkojulkaisut\/julk55\/Antreasta_Ayrapaahan.pdf\">https:\/\/kaino.kotus.fi\/www\/verkkojulkaisut\/julk55\/Antreasta_Ayrapaahan.pdf<\/a><\/strong><\/p>\n\n\n\n<p><strong><u>Kansallisarkiston Laatokan Karjalan historiaa koskevat asiakirjat <\/u><\/strong><\/p>\n\n\n\n<p><strong><a href=\"https:\/\/arkisto.fi\/carelica\/index.php?page=arkistoasiakirjat\">https:\/\/arkisto.fi\/carelica\/index.php?page=arkistoasiakirjat<\/a><u><a href=\"https:\/\/arkisto.fi\/carelica\/index.php?page=arkistoasiakirjat\"> <\/a><\/u><\/strong><\/p>\n\n\n\n<p><strong><u>Kansallisarkisto, luovutetut alueet<\/u><\/strong><\/p>\n\n\n\n<p><a href=\"https:\/\/arkisto.fi\/fi\/aineistot\/kansallisarkiston-aineistot\/aineistot-ja-niiden-kaytto-4\/luovutettu-\">https:\/\/arkisto.fi\/fi\/aineistot\/kansallisarkiston-aineistot\/aineistot-ja-niiden-kaytto-4\/luovutettu-<\/a><\/p>\n\n\n\n<p><strong><a href=\"https:\/\/arkisto.fi\/fi\/aineistot\/kansallisarkiston-aineistot\/aineistot-ja-niiden-kaytto-4\/luovutettu-alue\">alue<\/a><\/strong><strong><u><a href=\"https:\/\/arkisto.fi\/fi\/aineistot\/kansallisarkiston-aineistot\/aineistot-ja-niiden-kaytto-4\/luovutettu-alue\"><\/a><\/u><\/strong><\/p>\n\n\n\n<p><strong><u>Museoviraston kuva-arkisto, \u201dKarjalankannas\u201d<\/u><\/strong><\/p>\n\n\n\n<p><strong><a href=\"https:\/\/museovirasto.finna.fi\/Search\/Results?lookfor=Karjalan+kannas&amp;type=AllFields&amp;dfApplied=1&amp;limit=50\">https:\/\/museovirasto.finna.fi\/Search\/Results?lookfor=Karjalan+kannas&amp;type=AllFields&amp;dfA <\/a><a href=\"https:\/\/museovirasto.finna.fi\/Search\/Results?lookfor=Karjalan+kannas&amp;type=AllFields&amp;dfApplied=1&amp;limit=50\">pplied=1&amp;limit=50<\/a><\/strong><strong><u><a href=\"https:\/\/museovirasto.finna.fi\/Search\/Results?lookfor=Karjalan+kannas&amp;type=AllFields&amp;dfApplied=1&amp;limit=50\"><\/a><\/u><\/strong><\/p>\n\n\n\n<p><strong><u>Yle, Karjalan tasavalta <\/u><\/strong><\/p>\n\n\n\n<p><strong><a href=\"https:\/\/yle.fi\/uutiset\/18-87317\">https:\/\/yle.fi\/uutiset\/18-87317<\/a><u><a href=\"https:\/\/yle.fi\/uutiset\/18-87317\"> <\/a>&nbsp;<\/u><\/strong><\/p>\n\n\n\n<p><strong><u>Yle, Karjalan kieli <\/u><\/strong><\/p>\n\n\n\n<p><strong><a href=\"https:\/\/yle.fi\/uutiset\/18-209330\">https:\/\/yle.fi\/uutiset\/18-209330<\/a><u><a href=\"https:\/\/yle.fi\/uutiset\/18-209330\"> <\/a>&nbsp;<\/u><\/strong><\/p>\n\n\n\n<p><strong><u>Yle, Karjala<\/u><\/strong><\/p>\n\n\n\n<p><a href=\"https:\/\/yle.fi\/aihe\/t\/18-180276\">https:\/\/yle.fi\/aihe\/t\/18-180276<\/a><\/p>\n\n\n\n<p><strong><u>Aikamatka luovutettuun Karjalaan (luovutettukarjala.fi) <\/u><a href=\"http:\/\/www.luovutettukarjala.fi\/virtu\/index.php?cat=10002\">http:\/\/www.luovutettukarjala.fi\/virtu\/index.php?cat=10002<\/a><\/strong><strong><u><a href=\"http:\/\/www.luovutettukarjala.fi\/virtu\/index.php?cat=10002\"><\/a><\/u><\/strong><\/p>\n\n\n\n<p><strong><u>Karjalainen Sivistysseura, Youtube-kanava<\/u><\/strong><\/p>\n\n\n\n<p><a href=\"https:\/\/www.youtube.com\/channel\/UCq-GMy7uxYTJz2PijuEfsmA\/videos\">https:\/\/www.youtube.com\/channel\/UCq-GMy7uxYTJz2PijuEfsmA\/videos<\/a><\/p>\n\n\n\n<p><strong><u>Karjalan Liitto, Youtube-kanava<\/u><\/strong><\/p>\n\n\n\n<p><a href=\"https:\/\/www.youtube.com\/channel\/UCBMN7Hk0k5T-kpYjynWdQcw\/videos\">https:\/\/www.youtube.com\/channel\/UCBMN7Hk0k5T-kpYjynWdQcw\/videos<\/a><\/p>\n\n\n\n<p><strong><u>Viipurin Suomalainen Kirjallisuusseura, Youtube-kanava <\/u><a href=\"https:\/\/www.youtube.com\/channel\/UClS189jgpskjVgXLUtEUOww\/videos\">https:\/\/www.youtube.com\/channel\/UClS189jgpskjVgXLUtEUOww\/videos<\/a><\/strong><strong><u><a href=\"https:\/\/www.youtube.com\/channel\/UClS189jgpskjVgXLUtEUOww\/videos\"><\/a><\/u><\/strong><\/p>\n\n\n\n<p><strong><u>Viestit Karjala (Youtube-kanava) <\/u><\/strong><\/p>\n\n\n\n<p><strong><a href=\"https:\/\/www.youtube.com\/c\/ViestitKarjala\/videos\">https:\/\/www.youtube.com\/c\/ViestitKarjala\/videos<\/a><u><a href=\"https:\/\/www.youtube.com\/c\/ViestitKarjala\/videos\"><\/a><\/u><\/strong><\/p>\n\n\n\n<p><strong><u>Sanalaskuja luovutetusta Karjalasta<\/u><\/strong><\/p>\n\n\n\n<p><a href=\"https:\/\/fi.wikiquote.org\/wiki\/Sananlaskuja_luovutetusta_Karjalasta\">https:\/\/fi.wikiquote.org\/wiki\/Sananlaskuja_luovutetusta_Karjalasta<\/a><\/p>\n\n\n\n<p><strong><u>Listaus karjalaisista Facebook-sivustoista (Facebook-viestiketju) <\/u><\/strong><\/p>\n\n\n\n<p><strong><a href=\"https:\/\/www.facebook.com\/131970966820738\/posts\/2702937979724011\/\">https:\/\/www.facebook.com\/131970966820738\/posts\/2702937979724011\/<\/a><u><a href=\"https:\/\/www.facebook.com\/131970966820738\/posts\/2702937979724011\/\"><\/a><\/u><\/strong><\/p>\n\n\n\n<p><strong><u>Karjalaisia valokuvissa, Facebook-ryhm\u00e4 <\/u><\/strong><\/p>\n\n\n\n<p><strong><a href=\"https:\/\/www.facebook.com\/groups\/karjalaisetkuvat\/about\">https:\/\/www.facebook.com\/groups\/karjalaisetkuvat\/about<\/a><u><a href=\"https:\/\/www.facebook.com\/groups\/karjalaisetkuvat\/about\"><\/a><\/u><\/strong><\/p>\n\n\n\n<p><strong><u>Kuvaamot Karjalassa, Facebook-ryhm\u00e4 <\/u><\/strong><\/p>\n\n\n\n<p><strong><a href=\"https:\/\/www.facebook.com\/kuvaamotkarjalassa\/\">https:\/\/www.facebook.com\/kuvaamotkarjalassa\/<\/a><u><a href=\"https:\/\/www.facebook.com\/kuvaamotkarjalassa\/\"><\/a><\/u><\/strong><\/p>\n\n\n\n<p><strong><u>luovutettukarjala.fi, Facebook-sivu <\/u><\/strong><\/p>\n\n\n\n<p><strong><a href=\"https:\/\/www.facebook.com\/luovutettukarjala.fi\">https:\/\/www.facebook.com\/luovutettukarjala.fi<\/a><\/strong><\/p>\n\n\n\n<p><strong><u>Sukututkimuksen peruskurssi, karjalainen siirtov\u00e4ki <\/u><a href=\"https:\/\/peda.net\/p\/sukututkimus\/peruskurssi\/karjalaiset\">https:\/\/peda.net\/p\/sukututkimus\/peruskurssi\/karjalaiset<\/a><u><a href=\"https:\/\/peda.net\/p\/sukututkimus\/peruskurssi\/karjalaiset\"> <\/a><\/u><\/strong><\/p>\n\n\n\n<p><strong><u>Luettelo Karjalaan j\u00e4\u00e4neiden vainajien muistomerkeist\u00e4<\/u><\/strong><\/p>\n\n\n\n<p><strong><a href=\"https:\/\/fi.wikipedia.org\/wiki\/Luettelo_Karjalaan_j%C3%A4%C3%A4neiden_vainajien_muistomerkeist%C3%A4\">https:\/\/fi.wikipedia.org\/wiki\/Luettelo_Karjalaan_j%C3%A4%C3%A4neiden_vainajien_mui <\/a><a href=\"https:\/\/fi.wikipedia.org\/wiki\/Luettelo_Karjalaan_j%C3%A4%C3%A4neiden_vainajien_muistomerkeist%C3%A4\">stomerkeist%C3%A4<\/a><\/strong><strong><u><a href=\"https:\/\/fi.wikipedia.org\/wiki\/Luettelo_Karjalaan_j%C3%A4%C3%A4neiden_vainajien_muistomerkeist%C3%A4\"> <\/a>&nbsp;<\/u><\/strong><\/p>\n\n\n\n<p><strong><u>Karjalaan j\u00e4\u00e4neiden sankarivainajien muistomerkit <\/u><\/strong><\/p>\n\n\n\n<p><strong><a href=\"http:\/\/www.ksv.mpoli.fi\/\">http:\/\/www.ksv.mpoli.fi\/<\/a><u><a href=\"http:\/\/www.ksv.mpoli.fi\/\"><\/a><\/u><\/strong><\/p>\n\n\n\n<p><strong><u>Kalevi Hyyti\u00e4, sukuni <\/u><\/strong><\/p>\n\n\n\n<p><strong><a href=\"http:\/\/www.sukuni.fi\/\">http:\/\/www.sukuni.fi\/<\/a><u><a href=\"http:\/\/www.sukuni.fi\/\"><\/a><\/u><\/strong><\/p>\n\n\n\n<p><strong><u>Karjalaisten osoitekalenteri (1952)<\/u><\/strong><strong><u><\/u><\/strong><\/p>\n\n\n\n<p><a href=\"https:\/\/www.genealogia.fi\/hakem\/karjala\/index34.htm\">https:\/\/www.genealogia.fi\/hakem\/karjala\/index34.htm<\/a><\/p>\n\n\n\n<p><strong><u>Mauri Rastas, Karjalan historia <\/u><\/strong><\/p>\n\n\n\n<p><strong><a href=\"http:\/\/www.kolumbus.fi\/rastas\/\">http:\/\/www.kolumbus.fi\/rastas\/<\/a><u><a href=\"http:\/\/www.kolumbus.fi\/rastas\/\"><\/a><\/u><\/strong><\/p>\n\n\n\n<p><strong><u>Antti H\u00e4nnisen kotisivut <\/u><\/strong><\/p>\n\n\n\n<p><strong><a href=\"http:\/\/heninen.net\/suomeksi.htm\">http:\/\/heninen.net\/suomeksi.htm<\/a><u><a href=\"http:\/\/heninen.net\/suomeksi.htm\"><\/a><\/u><\/strong><\/p>\n\n\n\n<p><strong><u>Olipa Kerran Karjala -blogi<\/u><\/strong><\/p>\n\n\n\n<p><strong><a href=\"http:\/\/www.olipakerrankarjala.fi\/2019\/01\/ita-karjalan-kuvia-osa-i.html\">http:\/\/www.olipakerrankarjala.fi\/2019\/01\/ita<\/a><a href=\"http:\/\/www.olipakerrankarjala.fi\/2019\/01\/ita-karjalan-kuvia-osa-i.html\">&#8211;<\/a><a href=\"http:\/\/www.olipakerrankarjala.fi\/2019\/01\/ita-karjalan-kuvia-osa-i.html\">karjalan<\/a><a href=\"http:\/\/www.olipakerrankarjala.fi\/2019\/01\/ita-karjalan-kuvia-osa-i.html\">&#8211;<\/a><a href=\"http:\/\/www.olipakerrankarjala.fi\/2019\/01\/ita-karjalan-kuvia-osa-i.html\">kuvia<\/a><a href=\"http:\/\/www.olipakerrankarjala.fi\/2019\/01\/ita-karjalan-kuvia-osa-i.html\">&#8211;<\/a><a href=\"http:\/\/www.olipakerrankarjala.fi\/2019\/01\/ita-karjalan-kuvia-osa-i.html\">osa<\/a><a href=\"http:\/\/www.olipakerrankarjala.fi\/2019\/01\/ita-karjalan-kuvia-osa-i.html\">&#8211;<\/a><a href=\"http:\/\/www.olipakerrankarjala.fi\/2019\/01\/ita-karjalan-kuvia-osa-i.html\">i.html<\/a><\/strong><strong><u><a href=\"http:\/\/www.olipakerrankarjala.fi\/2019\/01\/ita-karjalan-kuvia-osa-i.html\"> <\/a>&nbsp;<\/u><\/strong><\/p>\n\n\n\n<p><strong><u>Aikamatka Karjalankannakselle (verkkon\u00e4yttely, toimimaton linkki) <\/u><\/strong><\/p>\n\n\n\n<p><strong><a href=\"http:\/\/www.aikamatkakannakselle.fi\/?p=karjalankannas%2Fhistoriaa%2Falbumi\">http:\/\/www.aikamatkakannakselle.fi\/?p=karjalankannas%2Fhistoriaa%2Falbumi<\/a><u><a href=\"http:\/\/www.aikamatkakannakselle.fi\/?p=karjalankannas%2Fhistoriaa%2Falbumi\"> <\/a>&nbsp;<\/u><\/strong><\/p>\n\n\n\n<p><strong><u><a href=\"https:\/\/www.facebook.com\/luovutettukarjala.fi\"><\/a><\/u><\/strong><\/p>\n\n\n\n<p><\/p>\n","protected":false},"excerpt":{"rendered":"<p>Karjalan Liitto https:\/\/www.karjalanliitto.fi\/ &nbsp; Karjalan Liitto, videotallenteet https:\/\/www.karjalanliitto.fi\/karjalan-liitto\/karjalan-liiton-toiminta\/tallenteet.html Karjalan Liitto, Youtube-kanava https:\/\/www.youtube.com\/channel\/UCBMN7Hk0k5T-kpYjynWdQcw\/videos Karjalan Liitto, j\u00e4senyhteis\u00f6t https:\/\/www.karjalanliitto.fi\/karjalan-liitto\/jasenyhteisot.html Karjalan sankarihautausmaat https:\/\/karjalansankarihautausmaat.fi Karjalan Liito, Karjala-tietoutta lapsille ja nuorille https:\/\/www.karjalanliitto.fi\/karjalan-liitto\/karjalan-liiton-toiminta\/lapsille-ja-nuorille.html Karjalaiset kes\u00e4juhlat https:\/\/www.karjalaisetkesajuhlat.fi\/ &nbsp; Sanomalehti Karjala https:\/\/www.karjala-lehti.fi\/ &nbsp; Katiha \u2012 Karjala-tietokantahaku https:\/\/katiha.xamk.fi\/ &nbsp; Karjalan kartat https:\/\/www.karjalankartat.fi\/ &nbsp; https:\/\/www.maanmittauslaitos.fi\/asioi-verkossa\/vanhat-karjalan-kartat Karjalan S\u00e4\u00e4ti\u00f6 https:\/\/www.karjalansaatio.fi\/ Karjalazet nuoret Suomes &#8211; Karjalaiset nuoret Suomessa ry [&hellip;]<\/p>\n","protected":false},"author":7,"featured_media":0,"parent":0,"menu_order":0,"comment_status":"closed","ping_status":"closed","template":"","meta":{"footnotes":""},"class_list":["post-418","page","type-page","status-publish","hentry"],"_links":{"self":[{"href":"https:\/\/korpiselka.fi\/index.php?rest_route=\/wp\/v2\/pages\/418","targetHints":{"allow":["GET"]}}],"collection":[{"href":"https:\/\/korpiselka.fi\/index.php?rest_route=\/wp\/v2\/pages"}],"about":[{"href":"https:\/\/korpiselka.fi\/index.php?rest_route=\/wp\/v2\/types\/page"}],"author":[{"embeddable":true,"href":"https:\/\/korpiselka.fi\/index.php?rest_route=\/wp\/v2\/users\/7"}],"replies":[{"embeddable":true,"href":"https:\/\/korpiselka.fi\/index.php?rest_route=%2Fwp%2Fv2%2Fcomments&post=418"}],"version-history":[{"count":3,"href":"https:\/\/korpiselka.fi\/index.php?rest_route=\/wp\/v2\/pages\/418\/revisions"}],"predecessor-version":[{"id":432,"href":"https:\/\/korpiselka.fi\/index.php?rest_route=\/wp\/v2\/pages\/418\/revisions\/432"}],"wp:attachment":[{"href":"https:\/\/korpiselka.fi\/index.php?rest_route=%2Fwp%2Fv2%2Fmedia&parent=418"}],"curies":[{"name":"wp","href":"https:\/\/api.w.org\/{rel}","templated":true}]}}