{"id":334,"date":"2022-01-31T23:18:26","date_gmt":"2022-01-31T21:18:26","guid":{"rendered":"https:\/\/korpiselka.fi\/?page_id=334"},"modified":"2022-08-22T14:06:06","modified_gmt":"2022-08-22T12:06:06","slug":"kalmistot","status":"publish","type":"page","link":"https:\/\/korpiselka.fi\/?page_id=334","title":{"rendered":"KALMISTOT"},"content":{"rendered":"\n<div style=\"height:25px\" aria-hidden=\"true\" class=\"wp-block-spacer\"><\/div>\n\n\n\n<h2 class=\"has-text-align-center wp-block-heading\" id=\"korpiselan-pitajakartta\">Korpisel\u00e4n pit\u00e4j\u00e4kartta <\/h2>\n\n\n\n<figure class=\"wp-block-image size-large\"><a href=\"https:\/\/korpiselka.fi\/wp-content\/uploads\/2022\/02\/Pitajan-kartta-scaled.jpg\"><img loading=\"lazy\" decoding=\"async\" width=\"1024\" height=\"621\" src=\"https:\/\/korpiselka.fi\/wp-content\/uploads\/2022\/02\/Pitajan-kartta-1024x621.jpg\" alt=\"\" class=\"wp-image-374\" srcset=\"https:\/\/korpiselka.fi\/wp-content\/uploads\/2022\/02\/Pitajan-kartta-1024x621.jpg 1024w, https:\/\/korpiselka.fi\/wp-content\/uploads\/2022\/02\/Pitajan-kartta-300x182.jpg 300w, https:\/\/korpiselka.fi\/wp-content\/uploads\/2022\/02\/Pitajan-kartta-768x465.jpg 768w, https:\/\/korpiselka.fi\/wp-content\/uploads\/2022\/02\/Pitajan-kartta-1536x931.jpg 1536w, https:\/\/korpiselka.fi\/wp-content\/uploads\/2022\/02\/Pitajan-kartta-2048x1241.jpg 2048w\" sizes=\"auto, (max-width: 1024px) 100vw, 1024px\" \/><\/a><\/figure>\n\n\n\n<div style=\"height:21px\" aria-hidden=\"true\" class=\"wp-block-spacer\"><\/div>\n\n\n\n<p>Korpisel\u00e4ss\u00e4 oli yhteens\u00e4 15 kalmistoa ja sankarihautausmaa, sek\u00e4 Tolvaj\u00e4rven ja \u00c4gl\u00e4j\u00e4rven kentt\u00e4hautauasmaat.<\/p>\n\n\n\n<p>Korpisel\u00e4n kirkonkyl\u00e4n, Kokkari-Tsokin, Tolvaj\u00e4rven ja \u00c4gl\u00e4j\u00e4rven kalmistot olivat k\u00e4yt\u00f6ss\u00e4 vuoteen 1944.<\/p>\n\n\n\n<p>Jatkosodan j\u00e4lkeen&nbsp; ven\u00e4l\u00e4iset ovat kaivaneet hautoja auki, h\u00e4vitt\u00e4neet hautakivi\u00e4 ja s\u00e4rkeneet hautaristit kaikilta Korpisel\u00e4n kalmistoilta. <\/p>\n\n\n\n<p>L\u00e4hes jokaiselle kalmistolle on vuoden 2000 alkupuolella pystytetty rautainen muistoristi.<\/p>\n\n\n\n<div style=\"height:32px\" aria-hidden=\"true\" class=\"wp-block-spacer\"><\/div>\n\n\n\n<figure class=\"wp-block-gallery has-nested-images columns-2 is-cropped wp-block-gallery-1 is-layout-flex wp-block-gallery-is-layout-flex\">\n<figure class=\"wp-block-image size-large\"><a href=\"https:\/\/korpiselka.fi\/wp-content\/uploads\/2022\/02\/Aglajarven-kalmisto.jpg\"><img loading=\"lazy\" decoding=\"async\" width=\"1024\" height=\"576\" data-id=\"453\" src=\"https:\/\/korpiselka.fi\/wp-content\/uploads\/2022\/02\/Aglajarven-kalmisto-1024x576.jpg\" alt=\"\" class=\"wp-image-453\" srcset=\"https:\/\/korpiselka.fi\/wp-content\/uploads\/2022\/02\/Aglajarven-kalmisto-1024x576.jpg 1024w, https:\/\/korpiselka.fi\/wp-content\/uploads\/2022\/02\/Aglajarven-kalmisto-300x169.jpg 300w, https:\/\/korpiselka.fi\/wp-content\/uploads\/2022\/02\/Aglajarven-kalmisto-768x432.jpg 768w, https:\/\/korpiselka.fi\/wp-content\/uploads\/2022\/02\/Aglajarven-kalmisto.jpg 1472w\" sizes=\"auto, (max-width: 1024px) 100vw, 1024px\" \/><\/a><figcaption>Muistoristi \u00c4gl\u00e4j\u00e4rven kalmistossa<\/figcaption><\/figure>\n\n\n\n<figure class=\"wp-block-image size-large\"><a href=\"https:\/\/korpiselka.fi\/wp-content\/uploads\/2022\/02\/Kokkarin-ja-Tsokin-kalmisto.jpg\"><img loading=\"lazy\" decoding=\"async\" width=\"985\" height=\"609\" data-id=\"452\" src=\"https:\/\/korpiselka.fi\/wp-content\/uploads\/2022\/02\/Kokkarin-ja-Tsokin-kalmisto.jpg\" alt=\"\" class=\"wp-image-452\" srcset=\"https:\/\/korpiselka.fi\/wp-content\/uploads\/2022\/02\/Kokkarin-ja-Tsokin-kalmisto.jpg 985w, https:\/\/korpiselka.fi\/wp-content\/uploads\/2022\/02\/Kokkarin-ja-Tsokin-kalmisto-300x185.jpg 300w, https:\/\/korpiselka.fi\/wp-content\/uploads\/2022\/02\/Kokkarin-ja-Tsokin-kalmisto-768x475.jpg 768w\" sizes=\"auto, (max-width: 985px) 100vw, 985px\" \/><\/a><figcaption>Muistoristi Kokkarin ja Tsokin kalmistossa<\/figcaption><\/figure>\n<\/figure>\n\n\n\n<div style=\"height:21px\" aria-hidden=\"true\" class=\"wp-block-spacer\"><\/div>\n\n\n\n<h1 class=\"wp-block-heading\" id=\"kalmistot\">Kalmistot <\/h1>\n\n\n\n<div style=\"height:25px\" aria-hidden=\"true\" class=\"wp-block-spacer\"><\/div>\n\n\n\n<div class=\"wp-block-image\"><figure class=\"aligncenter size-large\"><a href=\"https:\/\/korpiselka.fi\/wp-content\/uploads\/2022\/01\/Kalmisto-1.jpg\"><img loading=\"lazy\" decoding=\"async\" width=\"1024\" height=\"553\" src=\"https:\/\/korpiselka.fi\/wp-content\/uploads\/2022\/01\/Kalmisto-1-1024x553.jpg\" alt=\"\" class=\"wp-image-338\" srcset=\"https:\/\/korpiselka.fi\/wp-content\/uploads\/2022\/01\/Kalmisto-1-1024x553.jpg 1024w, https:\/\/korpiselka.fi\/wp-content\/uploads\/2022\/01\/Kalmisto-1-300x162.jpg 300w, https:\/\/korpiselka.fi\/wp-content\/uploads\/2022\/01\/Kalmisto-1-768x415.jpg 768w, https:\/\/korpiselka.fi\/wp-content\/uploads\/2022\/01\/Kalmisto-1.jpg 1061w\" sizes=\"auto, (max-width: 1024px) 100vw, 1024px\" \/><\/a><\/figure><\/div>\n\n\n\n<div class=\"wp-block-image\"><figure class=\"aligncenter size-large\"><a href=\"https:\/\/korpiselka.fi\/wp-content\/uploads\/2022\/02\/Sankarihautausmaa-1.jpg\"><img loading=\"lazy\" decoding=\"async\" width=\"945\" height=\"477\" src=\"https:\/\/korpiselka.fi\/wp-content\/uploads\/2022\/02\/Sankarihautausmaa-1.jpg\" alt=\"\" class=\"wp-image-409\" srcset=\"https:\/\/korpiselka.fi\/wp-content\/uploads\/2022\/02\/Sankarihautausmaa-1.jpg 945w, https:\/\/korpiselka.fi\/wp-content\/uploads\/2022\/02\/Sankarihautausmaa-1-300x151.jpg 300w, https:\/\/korpiselka.fi\/wp-content\/uploads\/2022\/02\/Sankarihautausmaa-1-768x388.jpg 768w\" sizes=\"auto, (max-width: 945px) 100vw, 945px\" \/><\/a><\/figure><\/div>\n\n\n\n<p><strong>Korpisel\u00e4n sankarihautausmaa<\/strong>&nbsp;sijaitsee kirkonkyl\u00e4ss\u00e4 ortodoksisen kirkon vieress\u00e4. Hautausmaa on perustettu talvisodan aikana tammikuussa 1940. Entisten Korpiselk\u00e4l\u00e4isten pit\u00e4j\u00e4seura (nyk. Korpisel\u00e4n Pit\u00e4j\u00e4seura) pystytti muistokiven vuonna 1996.<\/p>\n\n\n\n<p><strong>Korpisel\u00e4n vanha kalmisto<\/strong>&nbsp;on ortodoksisen kirkon vieress\u00e4.<\/p>\n\n\n\n<p><strong>Korpisel\u00e4n ortodoksinen ja luterilainen kalmisto<\/strong> sijaitsevat l\u00e4hell\u00e4 kirkonkyl\u00e4\u00e4, V\u00e4rtsil\u00e4\u00e4n menev\u00e4n maantien vasemmalla puolella (otettu k\u00e4ytt\u00f6\u00f6n v. 1851). Luterilaiseen kalmistoon on haudattu l\u00e4hes kaikki Korpisel\u00e4n luterilaiset vainajat. Kalmistossa sijaitsi vapaussodan muistomerkki, mutta ven\u00e4l\u00e4iset h\u00e4vittiv\u00e4t muistomerkin 1990-luvun vaihteessa. Molemmille kalmistoille pystytetty muistoristi.<\/p>\n\n\n\n<figure class=\"wp-block-gallery has-nested-images columns-default is-cropped wp-block-gallery-2 is-layout-flex wp-block-gallery-is-layout-flex\">\n<figure class=\"wp-block-image size-full\"><a href=\"https:\/\/korpiselka.fi\/wp-content\/uploads\/2022\/05\/Patsas.jpg\"><img loading=\"lazy\" decoding=\"async\" width=\"475\" height=\"824\" data-id=\"536\" src=\"https:\/\/korpiselka.fi\/wp-content\/uploads\/2022\/05\/Patsas.jpg\" alt=\"\" class=\"wp-image-536\" srcset=\"https:\/\/korpiselka.fi\/wp-content\/uploads\/2022\/05\/Patsas.jpg 475w, https:\/\/korpiselka.fi\/wp-content\/uploads\/2022\/05\/Patsas-173x300.jpg 173w\" sizes=\"auto, (max-width: 475px) 100vw, 475px\" \/><\/a><figcaption>Vapaussodan muistomerkki<\/figcaption><\/figure>\n\n\n\n<figure class=\"wp-block-image size-large\"><a href=\"https:\/\/korpiselka.fi\/wp-content\/uploads\/2022\/02\/Muistokivi.jpg\"><img loading=\"lazy\" decoding=\"async\" width=\"960\" height=\"1280\" data-id=\"384\" src=\"https:\/\/korpiselka.fi\/wp-content\/uploads\/2022\/02\/Muistokivi.jpg\" alt=\"\" class=\"wp-image-384\" srcset=\"https:\/\/korpiselka.fi\/wp-content\/uploads\/2022\/02\/Muistokivi.jpg 960w, https:\/\/korpiselka.fi\/wp-content\/uploads\/2022\/02\/Muistokivi-225x300.jpg 225w, https:\/\/korpiselka.fi\/wp-content\/uploads\/2022\/02\/Muistokivi-768x1024.jpg 768w\" sizes=\"auto, (max-width: 960px) 100vw, 960px\" \/><\/a><figcaption>Muistokivi<\/figcaption><\/figure>\n<\/figure>\n\n\n\n<div style=\"height:28px\" aria-hidden=\"true\" class=\"wp-block-spacer\"><\/div>\n\n\n\n<hr class=\"wp-block-separator is-style-dots\"\/>\n\n\n\n<figure class=\"wp-block-image size-large\"><a href=\"https:\/\/korpiselka.fi\/wp-content\/uploads\/2022\/02\/Ruotsinsaari.jpg\"><img loading=\"lazy\" decoding=\"async\" width=\"1024\" height=\"466\" src=\"https:\/\/korpiselka.fi\/wp-content\/uploads\/2022\/02\/Ruotsinsaari-1024x466.jpg\" alt=\"\" class=\"wp-image-410\" srcset=\"https:\/\/korpiselka.fi\/wp-content\/uploads\/2022\/02\/Ruotsinsaari-1024x466.jpg 1024w, https:\/\/korpiselka.fi\/wp-content\/uploads\/2022\/02\/Ruotsinsaari-300x136.jpg 300w, https:\/\/korpiselka.fi\/wp-content\/uploads\/2022\/02\/Ruotsinsaari-768x349.jpg 768w, https:\/\/korpiselka.fi\/wp-content\/uploads\/2022\/02\/Ruotsinsaari-1536x699.jpg 1536w, https:\/\/korpiselka.fi\/wp-content\/uploads\/2022\/02\/Ruotsinsaari.jpg 1981w\" sizes=\"auto, (max-width: 1024px) 100vw, 1024px\" \/><\/a><\/figure>\n\n\n\n<p><strong>Ruotsinsaaren kalmisto<\/strong>&nbsp;eli Ruotsin sodan aikainen kalmisto sijaitsee Korpij\u00e4rven Tsiipakansel\u00e4ll\u00e4 olevassa Ruotsinsaaressa.<\/p>\n\n\n\n<p><strong>Tsiipakan kalmisto&nbsp;<\/strong>sijaitsee Kalmanniemess\u00e4.<\/p>\n\n\n\n<p><strong>Saarivaaran kalmisto<\/strong>&nbsp;sijaitsee Kanaj\u00e4rven kaakkoisp\u00e4\u00e4ss\u00e4 Kalmonniemess\u00e4.<\/p>\n\n\n\n<hr class=\"wp-block-separator is-style-default\"\/>\n\n\n\n<div class=\"wp-block-image\"><figure class=\"aligncenter size-full\"><a href=\"https:\/\/korpiselka.fi\/wp-content\/uploads\/2022\/01\/Kalmisto-4.jpg\"><img loading=\"lazy\" decoding=\"async\" width=\"817\" height=\"430\" src=\"https:\/\/korpiselka.fi\/wp-content\/uploads\/2022\/01\/Kalmisto-4.jpg\" alt=\"\" class=\"wp-image-341\" srcset=\"https:\/\/korpiselka.fi\/wp-content\/uploads\/2022\/01\/Kalmisto-4.jpg 817w, https:\/\/korpiselka.fi\/wp-content\/uploads\/2022\/01\/Kalmisto-4-300x158.jpg 300w, https:\/\/korpiselka.fi\/wp-content\/uploads\/2022\/01\/Kalmisto-4-768x404.jpg 768w\" sizes=\"auto, (max-width: 817px) 100vw, 817px\" \/><\/a><\/figure><\/div>\n\n\n\n<div class=\"wp-block-image\"><figure class=\"aligncenter size-full\"><a href=\"https:\/\/korpiselka.fi\/wp-content\/uploads\/2022\/01\/Kalmisto-5.jpg\"><img loading=\"lazy\" decoding=\"async\" width=\"929\" height=\"362\" src=\"https:\/\/korpiselka.fi\/wp-content\/uploads\/2022\/01\/Kalmisto-5.jpg\" alt=\"\" class=\"wp-image-343\" srcset=\"https:\/\/korpiselka.fi\/wp-content\/uploads\/2022\/01\/Kalmisto-5.jpg 929w, https:\/\/korpiselka.fi\/wp-content\/uploads\/2022\/01\/Kalmisto-5-300x117.jpg 300w, https:\/\/korpiselka.fi\/wp-content\/uploads\/2022\/01\/Kalmisto-5-768x299.jpg 768w\" sizes=\"auto, (max-width: 929px) 100vw, 929px\" \/><\/a><\/figure><\/div>\n\n\n\n<p><strong>Tsokin vanha kalmisto<\/strong> ja tsasouna ovat olleet vierekk\u00e4in kyl\u00e4n pohjoisosassa Pohjavaaran rinteess\u00e4, noin 800 metrin p\u00e4\u00e4ss\u00e4 tiest\u00e4.<\/p>\n\n\n\n<p><strong>Kokkarin ja Tsokin yhteinen kalmisto<\/strong> sijaitsee Lampilanvaarassa Korpisel\u00e4n kirkonkyl\u00e4st\u00e4 Tolvaj\u00e4rvelle johtavan maantien pohjoispuolella, noin kolme kilometri\u00e4 ennen Kokkaria. Kalmistolle pystytetty muistoristi.<\/p>\n\n\n\n<p><strong>Kokkarin vanha kalmisto<\/strong> sijaitsee Kokkarin kyl\u00e4n it\u00e4osassa Palpaj\u00e4rven ja Tolvaj\u00e4rven tien v\u00e4liss\u00e4. Kalmisto on ollut k\u00e4yt\u00f6ss\u00e4 1700-luvun puolesta v\u00e4list\u00e4 1800-luvun puolelle. Sijainnin paljastaa muutama auki kaivettu hauta.<\/p>\n\n\n\n<hr class=\"wp-block-separator is-style-dots\"\/>\n\n\n\n<div class=\"wp-block-image\"><figure class=\"alignright size-large is-resized\"><a href=\"https:\/\/korpiselka.fi\/wp-content\/uploads\/2022\/01\/Kotisaaren-kivi.jpg\"><img loading=\"lazy\" decoding=\"async\" src=\"https:\/\/korpiselka.fi\/wp-content\/uploads\/2022\/01\/Kotisaaren-kivi-721x1024.jpg\" alt=\"\" class=\"wp-image-127\" width=\"250\" height=\"355\" srcset=\"https:\/\/korpiselka.fi\/wp-content\/uploads\/2022\/01\/Kotisaaren-kivi-721x1024.jpg 721w, https:\/\/korpiselka.fi\/wp-content\/uploads\/2022\/01\/Kotisaaren-kivi-211x300.jpg 211w, https:\/\/korpiselka.fi\/wp-content\/uploads\/2022\/01\/Kotisaaren-kivi-768x1091.jpg 768w, https:\/\/korpiselka.fi\/wp-content\/uploads\/2022\/01\/Kotisaaren-kivi.jpg 809w\" sizes=\"auto, (max-width: 250px) 100vw, 250px\" \/><\/a><figcaption><strong><em>KOTISAAREN HAUTAKIVI<\/em><\/strong><\/figcaption><\/figure><\/div>\n\n\n\n<figure class=\"wp-block-image size-full\"><a href=\"https:\/\/korpiselka.fi\/wp-content\/uploads\/2022\/01\/Kalmisto-6.jpg\"><img loading=\"lazy\" decoding=\"async\" width=\"597\" height=\"371\" src=\"https:\/\/korpiselka.fi\/wp-content\/uploads\/2022\/01\/Kalmisto-6.jpg\" alt=\"\" class=\"wp-image-344\" srcset=\"https:\/\/korpiselka.fi\/wp-content\/uploads\/2022\/01\/Kalmisto-6.jpg 597w, https:\/\/korpiselka.fi\/wp-content\/uploads\/2022\/01\/Kalmisto-6-300x186.jpg 300w\" sizes=\"auto, (max-width: 597px) 100vw, 597px\" \/><\/a><\/figure>\n\n\n\n<p><strong>Tolvaj\u00e4rven kalmisto<\/strong> sijaitsee kyl\u00e4n pohjoisosassa, \u00c4gl\u00e4j\u00e4rvelle menev\u00e4n maantien pohjoispuolella Mellits\u00e4nm\u00e4ell\u00e4 Kotij\u00e4rven (Tolvaj\u00e4rven) l\u00e4nsirannan niemekkeess\u00e4.&nbsp; Kalmistolle pystytetty muistoristi.<\/p>\n\n\n\n<p>Kotisaaren vanha kalmisto sijaitsee (Tolvaj\u00e4rven) Kotij\u00e4rven Kotisaaren koillisosassa. Vanhassa kuusikossa on edelleen j\u00e4\u00e4nteit\u00e4 grobuista ja kaksi luonnonkivist\u00e4 muistomerkki\u00e4, joista toinen, ilmeisesti munkki Jefimin kivi, on per\u00e4isin 1700-luvulta. Saari kuuluu nykyisin luonnonsuojelualueeseen, ja sen nykyinen nimi on Karhusaari. Kalmistolle pystytetty muistoristi.<\/p>\n\n\n\n<hr class=\"wp-block-separator is-style-wide\"\/>\n\n\n\n<div class=\"wp-block-image\"><figure class=\"aligncenter size-large\"><a href=\"https:\/\/korpiselka.fi\/wp-content\/uploads\/2022\/02\/Kalmisto-7.jpg\"><img loading=\"lazy\" decoding=\"async\" width=\"1024\" height=\"798\" src=\"https:\/\/korpiselka.fi\/wp-content\/uploads\/2022\/02\/Kalmisto-7-1024x798.jpg\" alt=\"\" class=\"wp-image-379\" srcset=\"https:\/\/korpiselka.fi\/wp-content\/uploads\/2022\/02\/Kalmisto-7-1024x798.jpg 1024w, https:\/\/korpiselka.fi\/wp-content\/uploads\/2022\/02\/Kalmisto-7-300x234.jpg 300w, https:\/\/korpiselka.fi\/wp-content\/uploads\/2022\/02\/Kalmisto-7-768x599.jpg 768w, https:\/\/korpiselka.fi\/wp-content\/uploads\/2022\/02\/Kalmisto-7-1536x1198.jpg 1536w, https:\/\/korpiselka.fi\/wp-content\/uploads\/2022\/02\/Kalmisto-7.jpg 1997w\" sizes=\"auto, (max-width: 1024px) 100vw, 1024px\" \/><\/a><\/figure><\/div>\n\n\n\n<div class=\"wp-block-image\"><figure class=\"aligncenter size-full\"><a href=\"https:\/\/korpiselka.fi\/wp-content\/uploads\/2022\/02\/Kalmisto-10.jpg\"><img loading=\"lazy\" decoding=\"async\" width=\"802\" height=\"532\" src=\"https:\/\/korpiselka.fi\/wp-content\/uploads\/2022\/02\/Kalmisto-10.jpg\" alt=\"\" class=\"wp-image-383\" srcset=\"https:\/\/korpiselka.fi\/wp-content\/uploads\/2022\/02\/Kalmisto-10.jpg 802w, https:\/\/korpiselka.fi\/wp-content\/uploads\/2022\/02\/Kalmisto-10-300x199.jpg 300w, https:\/\/korpiselka.fi\/wp-content\/uploads\/2022\/02\/Kalmisto-10-768x509.jpg 768w\" sizes=\"auto, (max-width: 802px) 100vw, 802px\" \/><\/a><\/figure><\/div>\n\n\n\n<p><strong>Yl\u00e4j\u00e4rven kalmisto<\/strong> sijaitsee Yl\u00e4j\u00e4rven etel\u00e4rannalla. Alue on Kitil\u00e4nsel\u00e4n kautta Hein\u00e4vaaraan kulkevan tien ja j\u00e4rven v\u00e4liss\u00e4, noin kilometri ennen Tuomivaaraa.&nbsp;Kalmistolle pystytetty muistoristi.<\/p>\n\n\n\n<hr class=\"wp-block-separator is-style-dots\"\/>\n\n\n\n<div class=\"wp-block-image\"><figure class=\"aligncenter size-full\"><a href=\"https:\/\/korpiselka.fi\/wp-content\/uploads\/2022\/02\/Kalmisto-9.jpg\"><img loading=\"lazy\" decoding=\"async\" width=\"716\" height=\"441\" src=\"https:\/\/korpiselka.fi\/wp-content\/uploads\/2022\/02\/Kalmisto-9.jpg\" alt=\"\" class=\"wp-image-382\" srcset=\"https:\/\/korpiselka.fi\/wp-content\/uploads\/2022\/02\/Kalmisto-9.jpg 716w, https:\/\/korpiselka.fi\/wp-content\/uploads\/2022\/02\/Kalmisto-9-300x185.jpg 300w\" sizes=\"auto, (max-width: 716px) 100vw, 716px\" \/><\/a><\/figure><\/div>\n\n\n\n<p><strong>\u00c4gl\u00e4j\u00e4rven vanha kalmisto<\/strong>&nbsp;on \u00c4gl\u00e4j\u00e4rven Mikonlahden it\u00e4rannalla, miss\u00e4 on sijainnut my\u00f6s vanha tsasouna. Kalmisto on otettu k\u00e4ytt\u00f6\u00f6n 1700-luvulla, ehk\u00e4 jo aikaisemminkin. Kalmistolle pystytetty muistoristi. <\/p>\n\n\n\n<p>Ven\u00e4l\u00e4isill\u00e4 on ollut kalmiston p\u00e4\u00e4ll\u00e4 viel\u00e4 1990-luvun puolessa v\u00e4liss\u00e4 lypsyasema ja muita rakennuksia, mutta toiminta on jo loppunut ja osa rakennelmista purettu.<\/p>\n\n\n\n<p><strong>\u00c4gl\u00e4j\u00e4rven kalmisto<\/strong> sijaitsee \u00c4gl\u00e4j\u00e4rvi-Tolvaj\u00e4rvi-tien oikealla puolella Vasikkaniemess\u00e4, noin 800 metri\u00e4 \u00c4gl\u00e4j\u00e4rven-Kyl\u00e4j\u00e4rven Salmisillasta l\u00e4nteen. Kalmisto on otettu k\u00e4ytt\u00f6\u00f6n 1800-luvun lopulla. Paikalla on sijainnut my\u00f6s kirkonkyl\u00e4st\u00e4 siirretty ortodoksinen kirkko, joka valmistui vuonna 1906. Kirkon uunin pohjakiven p\u00e4\u00e4lle on 2000-luvulla pystytetty muistoristi.<\/p>\n\n\n\n<hr class=\"wp-block-separator is-style-dots\"\/>\n\n\n\n<div class=\"wp-block-image\"><figure class=\"aligncenter size-full\"><a href=\"https:\/\/korpiselka.fi\/wp-content\/uploads\/2022\/02\/Kalmisto-8.jpg\"><img loading=\"lazy\" decoding=\"async\" width=\"737\" height=\"462\" src=\"https:\/\/korpiselka.fi\/wp-content\/uploads\/2022\/02\/Kalmisto-8.jpg\" alt=\"\" class=\"wp-image-381\" srcset=\"https:\/\/korpiselka.fi\/wp-content\/uploads\/2022\/02\/Kalmisto-8.jpg 737w, https:\/\/korpiselka.fi\/wp-content\/uploads\/2022\/02\/Kalmisto-8-300x188.jpg 300w\" sizes=\"auto, (max-width: 737px) 100vw, 737px\" \/><\/a><\/figure><\/div>\n\n\n\n<p><strong>Vieksingin kalmisto<\/strong> sijaitsee kyl\u00e4n etel\u00e4laidalla Vieksinginj\u00e4rven rannalla. Kyl\u00e4\u00e4n oli matkaa \u00c4gl\u00e4j\u00e4rvi-Tolvaj\u00e4rvi tiest\u00e4 S\u00e4rkij\u00e4rven kautta noin 12 kilometri\u00e4. Kalmistolle pystytetty muistoristi.<\/p>\n\n\n\n<p>Tolvaj\u00e4rvelle ja \u00c4gl\u00e4j\u00e4rvelle perustettiin jatkosodan alussa vuonna 1941 kentt\u00e4hautausmaat, joihin haudattiin p\u00e4\u00e4osin saksalaisia mutta my\u00f6s suomalaisia sotilaita. Muistitiedon mukaan molemmissa hautapaikoissa on ollut noin 800 kaatunutta. N\u00e4m\u00e4 vainajat on jo sota-aikana siirretty muualle.<\/p>\n\n\n\n<p>Tolvaj\u00e4rven kentt\u00e4hautausmaa on ollut tsasounasta l\u00e4nteen olevalla pellolla. \u00c4gl\u00e4j\u00e4rven kentt\u00e4hautausmaa on ollut Kitil\u00e4nselk\u00e4\u00e4n p\u00e4in menev\u00e4n tien ja ampumaradan v\u00e4liss\u00e4, noin kilometrin p\u00e4\u00e4ss\u00e4 kyl\u00e4n keskustasta, tien oikealla puolella olevalla Kuikansuolla (kartassa Konnunsuo).<\/p>\n\n\n\n<h3 class=\"wp-block-heading\">Suomalaiset kartat Maanmittauslaitos<\/h3>\n","protected":false},"excerpt":{"rendered":"<p>Korpisel\u00e4n pit\u00e4j\u00e4kartta Korpisel\u00e4ss\u00e4 oli yhteens\u00e4 15 kalmistoa ja sankarihautausmaa, sek\u00e4 Tolvaj\u00e4rven ja \u00c4gl\u00e4j\u00e4rven kentt\u00e4hautauasmaat. Korpisel\u00e4n kirkonkyl\u00e4n, Kokkari-Tsokin, Tolvaj\u00e4rven ja \u00c4gl\u00e4j\u00e4rven kalmistot olivat k\u00e4yt\u00f6ss\u00e4 vuoteen 1944. Jatkosodan j\u00e4lkeen&nbsp; ven\u00e4l\u00e4iset ovat kaivaneet hautoja auki, h\u00e4vitt\u00e4neet hautakivi\u00e4 ja s\u00e4rkeneet hautaristit kaikilta Korpisel\u00e4n kalmistoilta. L\u00e4hes jokaiselle kalmistolle on vuoden 2000 alkupuolella pystytetty rautainen muistoristi. Kalmistot Korpisel\u00e4n sankarihautausmaa&nbsp;sijaitsee kirkonkyl\u00e4ss\u00e4 ortodoksisen [&hellip;]<\/p>\n","protected":false},"author":7,"featured_media":92,"parent":0,"menu_order":0,"comment_status":"closed","ping_status":"closed","template":"page-fullwidth.php","meta":{"footnotes":""},"class_list":["post-334","page","type-page","status-publish","has-post-thumbnail","hentry"],"_links":{"self":[{"href":"https:\/\/korpiselka.fi\/index.php?rest_route=\/wp\/v2\/pages\/334","targetHints":{"allow":["GET"]}}],"collection":[{"href":"https:\/\/korpiselka.fi\/index.php?rest_route=\/wp\/v2\/pages"}],"about":[{"href":"https:\/\/korpiselka.fi\/index.php?rest_route=\/wp\/v2\/types\/page"}],"author":[{"embeddable":true,"href":"https:\/\/korpiselka.fi\/index.php?rest_route=\/wp\/v2\/users\/7"}],"replies":[{"embeddable":true,"href":"https:\/\/korpiselka.fi\/index.php?rest_route=%2Fwp%2Fv2%2Fcomments&post=334"}],"version-history":[{"count":23,"href":"https:\/\/korpiselka.fi\/index.php?rest_route=\/wp\/v2\/pages\/334\/revisions"}],"predecessor-version":[{"id":718,"href":"https:\/\/korpiselka.fi\/index.php?rest_route=\/wp\/v2\/pages\/334\/revisions\/718"}],"wp:featuredmedia":[{"embeddable":true,"href":"https:\/\/korpiselka.fi\/index.php?rest_route=\/wp\/v2\/media\/92"}],"wp:attachment":[{"href":"https:\/\/korpiselka.fi\/index.php?rest_route=%2Fwp%2Fv2%2Fmedia&parent=334"}],"curies":[{"name":"wp","href":"https:\/\/api.w.org\/{rel}","templated":true}]}}