{"id":30,"date":"2022-01-26T12:49:25","date_gmt":"2022-01-26T12:49:25","guid":{"rendered":"https:\/\/korpiselka.fi\/?page_id=30"},"modified":"2024-08-26T18:59:31","modified_gmt":"2024-08-26T16:59:31","slug":"myytavat-tuotteet","status":"publish","type":"page","link":"https:\/\/korpiselka.fi\/?page_id=30","title":{"rendered":"MYYT\u00c4V\u00c4T TUOTTEET"},"content":{"rendered":"\n<h1 class=\"wp-block-heading\" id=\"kirjat\"><strong>Kirjat<\/strong><\/h1>\n\n\n\n<hr class=\"wp-block-separator is-style-wide\"\/>\n\n\n\n<h2 class=\"wp-block-heading\" id=\"pussauspuu-erkki-jormanainen-a-15\"><strong>Pussauspuu,<\/strong> <strong>Erkki Jormanainen,&nbsp;\u00e0&nbsp;15 \u20ac<\/strong><\/h2>\n\n\n\n<div class=\"wp-block-image\"><figure class=\"aligncenter size-full is-resized\"><a href=\"https:\/\/korpiselka.fi\/wp-content\/uploads\/2022\/01\/kuva6-228x300-1.jpg\"><img loading=\"lazy\" decoding=\"async\" src=\"https:\/\/korpiselka.fi\/wp-content\/uploads\/2022\/01\/kuva6-228x300-1.jpg\" alt=\"\" class=\"wp-image-38\" width=\"377\" height=\"494\"\/><\/a><\/figure><\/div>\n\n\n\n<ul class=\"wp-block-list\"><li>Erkki Jormanaisen uusimmassa teoksessa, kalevalamittaan tehdyss\u00e4 runokirjasessa liikutaan t\u00f6lleiss\u00e4 ja talojen takamailla, miss\u00e4 miehet mittelev\u00e4t, sortuvat susisotahan. Mutta l\u00f6ytyy kirjasta my\u00f6s herkempi\u00e4kin hetki\u00e4.<\/li><\/ul>\n\n\n\n<hr class=\"wp-block-separator is-style-wide\"\/>\n\n\n\n<h2 class=\"wp-block-heading\" id=\"hoilolan-kyla-komia-erkki-jormanainen-a-15\"><strong>Hoilolan kyl\u00e4 komia<\/strong>,&nbsp;<strong>Erkki Jormanainen, \u00e0&nbsp;15 \u20ac<\/strong><\/h2>\n\n\n\n<div class=\"wp-block-image\"><figure class=\"aligncenter size-full is-resized\"><a href=\"https:\/\/korpiselka.fi\/wp-content\/uploads\/2022\/01\/hoilolankyla-cc-882-222x300-1.jpg\"><img loading=\"lazy\" decoding=\"async\" src=\"https:\/\/korpiselka.fi\/wp-content\/uploads\/2022\/01\/hoilolankyla-cc-882-222x300-1.jpg\" alt=\"\" class=\"wp-image-39\" width=\"367\" height=\"494\"\/><\/a><\/figure><\/div>\n\n\n\n<ul class=\"wp-block-list\"><li>Vaikka asuinpaikka vaihtuisi el\u00e4m\u00e4n aikana useinkin, j\u00e4\u00e4 jokin mieleen kotiseutuna. Erkki Jormanaiselle se on Tynk\u00e4-Korpiselk\u00e4\u00e4n kuuluva Hoilolan kyl\u00e4, ja monet muistot siell\u00e4 liittyv\u00e4t kansanrunouteen. Kirja onkin huomionosoitus kotiseudulle ja kansanrunolle. Kirjan p\u00e4\u00e4osassa ovat Reijo Erttolan ja Erkki Jormanaisen kalevalamittaiset runot.<\/li><\/ul>\n\n\n\n<hr class=\"wp-block-separator is-style-wide\"\/>\n\n\n\n<h2 class=\"wp-block-heading\" id=\"tanssin-taitaja-erkki-jormanainen-a-15\"><strong>Tanssin taitaja<\/strong>, <strong>Erkki Jormanainen,&nbsp;\u00e0&nbsp;15 \u20ac<\/strong><\/h2>\n\n\n\n<ul class=\"wp-block-list\"><li>Kirja&nbsp;tarjoaa sarjan mielenkiintoisia tapahtumia novellien kautta. Normaalit ihmiset el\u00e4v\u00e4t el\u00e4m\u00e4\u00e4ns\u00e4 n\u00e4kem\u00e4tt\u00e4 itse sen kummallisuutta. Arjen j\u00e4rjett\u00f6myys paljastaa arvaamattomia sattumia ja ironisia muistoja. Milj\u00f6\u00f6n\u00e4 toimii useimmiten luonto j\u00e4rvineen ja metsineen. Novellien alusta harvoin arvaa, mihin tarina kulkeutuu,&nbsp;eih\u00e4n el\u00e4m\u00e4\u00e4 pysty ennustamaan.<\/li><\/ul>\n\n\n\n<h2 class=\"wp-block-heading\" id=\"seitenviis-erkki-jormanainen-a-10-tai-3-muuta-erkki-jormanaisen-kirjaa-ostaneelle-a-5\"><strong>Seitenviis<\/strong>,<strong> Erkki Jormanainen,&nbsp;\u00e0 10&nbsp;\u20ac (tai 3 muuta Erkki Jormanaisen kirjaa ostaneelle \u00e0&nbsp;5 \u20ac)<\/strong><\/h2>\n\n\n\n<ul class=\"wp-block-list\"><li>Kirja on &#8221;kultah\u00e4itten kunniaksi sek\u00e4 perheelle, sukulaisille, yst\u00e4ville ja tuttaville kiitokseksi ja muistoksi&#8221; Jormanaisen t\u00e4ytt\u00e4ess\u00e4 75 vuotta. Kirja sis\u00e4lt\u00e4\u00e4 runoja vuosilta 1960-2020.<\/li><\/ul>\n\n\n\n<figure class=\"wp-block-image size-large\"><a href=\"https:\/\/korpiselka.fi\/wp-content\/uploads\/2022\/01\/photo-2021-02-02-21-37-56-1500x1500-1.jpg\"><img loading=\"lazy\" decoding=\"async\" width=\"1024\" height=\"1024\" src=\"https:\/\/korpiselka.fi\/wp-content\/uploads\/2022\/01\/photo-2021-02-02-21-37-56-1500x1500-1-1024x1024.jpg\" alt=\"\" class=\"wp-image-40\" srcset=\"https:\/\/korpiselka.fi\/wp-content\/uploads\/2022\/01\/photo-2021-02-02-21-37-56-1500x1500-1-1024x1024.jpg 1024w, https:\/\/korpiselka.fi\/wp-content\/uploads\/2022\/01\/photo-2021-02-02-21-37-56-1500x1500-1-300x300.jpg 300w, https:\/\/korpiselka.fi\/wp-content\/uploads\/2022\/01\/photo-2021-02-02-21-37-56-1500x1500-1-150x150.jpg 150w, https:\/\/korpiselka.fi\/wp-content\/uploads\/2022\/01\/photo-2021-02-02-21-37-56-1500x1500-1-768x768.jpg 768w, https:\/\/korpiselka.fi\/wp-content\/uploads\/2022\/01\/photo-2021-02-02-21-37-56-1500x1500-1-60x60.jpg 60w, https:\/\/korpiselka.fi\/wp-content\/uploads\/2022\/01\/photo-2021-02-02-21-37-56-1500x1500-1.jpg 1440w\" sizes=\"auto, (max-width: 1024px) 100vw, 1024px\" \/><\/a><\/figure>\n\n\n\n<hr class=\"wp-block-separator is-style-wide\"\/>\n\n\n\n<h2 class=\"wp-block-heading\" id=\"tynka-korpiselka-1940-1999-veijo-saloheimo-a-10\"><strong>Tynk\u00e4-Korpiselk\u00e4 1940-1999<\/strong>, <strong>Veijo Saloheimo, \u00e0&nbsp;10&nbsp;\u20ac<\/strong><\/h2>\n\n\n\n<div class=\"wp-block-image\"><figure class=\"aligncenter size-full is-resized\"><a href=\"https:\/\/korpiselka.fi\/wp-content\/uploads\/2022\/01\/saloheimo2-222x300-1.jpg\"><img loading=\"lazy\" decoding=\"async\" src=\"https:\/\/korpiselka.fi\/wp-content\/uploads\/2022\/01\/saloheimo2-222x300-1.jpg\" alt=\"\" class=\"wp-image-41\" width=\"280\" height=\"377\"\/><\/a><\/figure><\/div>\n\n\n\n<ul class=\"wp-block-list\"><li>Kirjassa kuvataan Moskovan rauhassa 1940 Suomelle j\u00e4\u00e4neen Raja-Karjalan kaistaleen vaiheita: sopeutumista Pohjois-Karjalan yhteyteen, rajaseudulle ominaisia vaiheita yhteiskunnan rajussa muutoksessa, niist\u00e4 selviytymist\u00e4 sek\u00e4 sitkeit\u00e4 oman kulttuuriperinteen s\u00e4ilytt\u00e4mispyrkimyksi\u00e4.<\/li><\/ul>\n\n\n\n<hr class=\"wp-block-separator is-style-wide\"\/>\n\n\n\n<h2 class=\"wp-block-heading\" id=\"korpiselan-kylakartat-outi-patronen-2018-a-15\"><strong>Korpisel\u00e4n kyl\u00e4kartat<\/strong>, <strong>Outi Patronen (2018), \u00e0&nbsp;15 \u20ac<\/strong><\/h2>\n\n\n\n<div class=\"wp-block-image\"><figure class=\"aligncenter size-full is-resized\"><a href=\"https:\/\/korpiselka.fi\/wp-content\/uploads\/2022\/01\/patronen2-233x300-1.jpg\"><img loading=\"lazy\" decoding=\"async\" src=\"https:\/\/korpiselka.fi\/wp-content\/uploads\/2022\/01\/patronen2-233x300-1.jpg\" alt=\"\" class=\"wp-image-43\" width=\"291\" height=\"374\"\/><\/a><\/figure><\/div>\n\n\n\n<ul class=\"wp-block-list\"><li>Kirja kokoaa yhteen Korpisel\u00e4n alueen kyl\u00e4kartat 1930-luvun tietojen pohjalta. Kirjassa on luetteloitu tilojen viralliset nimet, rekisterinumerot ja asukkaat.<\/li><\/ul>\n\n\n\n<hr class=\"wp-block-separator is-style-wide\"\/>\n\n\n\n<h1 class=\"wp-block-heading\" id=\"viirit\"><strong>Viirit<\/strong><\/h1>\n\n\n\n<div class=\"wp-block-image\"><figure class=\"aligncenter size-full is-resized\"><a href=\"https:\/\/korpiselka.fi\/wp-content\/uploads\/2022\/01\/viiri-223x500-1.jpg\"><img loading=\"lazy\" decoding=\"async\" src=\"https:\/\/korpiselka.fi\/wp-content\/uploads\/2022\/01\/viiri-223x500-1.jpg\" alt=\"\" class=\"wp-image-42\" width=\"220\" height=\"492\" srcset=\"https:\/\/korpiselka.fi\/wp-content\/uploads\/2022\/01\/viiri-223x500-1.jpg 223w, https:\/\/korpiselka.fi\/wp-content\/uploads\/2022\/01\/viiri-223x500-1-134x300.jpg 134w\" sizes=\"auto, (max-width: 220px) 100vw, 220px\" \/><\/a><\/figure><\/div>\n\n\n\n<ul class=\"wp-block-list\"><li>Korpisel\u00e4n pit\u00e4j\u00e4seuran is\u00e4nn\u00e4nviiri \u00e0 50 \u20ac<\/li><li>P\u00f6yt\u00e4standaari \u00e0 35 \u20ac<\/li><\/ul>\n\n\n\n<hr class=\"wp-block-separator is-style-wide\"\/>\n\n\n\n<h2 class=\"wp-block-heading\" id=\"tiedustelut\"><strong>Tiedustelut<\/strong><\/h2>\n\n\n\n<h2 class=\"wp-block-heading\" id=\"puheenjohtajajaakko-jeskanen-p-0400-570126\"><strong>Puheenjohtaja Jaakko Jeskanen p.0400 570126<\/strong><\/h2>\n\n\n\n<h2 class=\"wp-block-heading\" id=\"jeskanen-jaakko-hotmail-com\"><strong>jeskanen.jaakko@hotmail.com&nbsp;<\/strong><\/h2>\n\n\n\n<h2 class=\"wp-block-heading\" id=\"sihteeri-eila-ronkainen-p-040-7198552\"><strong>Sihteeri Eila Ronkainen p.040 7198552<\/strong><\/h2>\n\n\n\n<h2 class=\"wp-block-heading\" id=\"eilamaria-ronkainen-gmail-com\"><strong>eilamaria.ronkainen@gmail.com<\/strong><\/h2>\n\n\n\n<h2 class=\"wp-block-heading\" id=\"postituskulut-lisataan-hintoihin\"><strong>Postituskulut lis\u00e4t\u00e4\u00e4n hintoihin.<\/strong><\/h2>\n","protected":false},"excerpt":{"rendered":"<p>Kirjat Pussauspuu, Erkki Jormanainen,&nbsp;\u00e0&nbsp;15 \u20ac Erkki Jormanaisen uusimmassa teoksessa, kalevalamittaan tehdyss\u00e4 runokirjasessa liikutaan t\u00f6lleiss\u00e4 ja talojen takamailla, miss\u00e4 miehet mittelev\u00e4t, sortuvat susisotahan. Mutta l\u00f6ytyy kirjasta my\u00f6s herkempi\u00e4kin hetki\u00e4. Hoilolan kyl\u00e4 komia,&nbsp;Erkki Jormanainen, \u00e0&nbsp;15 \u20ac Vaikka asuinpaikka vaihtuisi el\u00e4m\u00e4n aikana useinkin, j\u00e4\u00e4 jokin mieleen kotiseutuna. Erkki Jormanaiselle se on Tynk\u00e4-Korpiselk\u00e4\u00e4n kuuluva Hoilolan kyl\u00e4, ja monet muistot [&hellip;]<\/p>\n","protected":false},"author":7,"featured_media":0,"parent":0,"menu_order":0,"comment_status":"closed","ping_status":"closed","template":"page-fullwidth.php","meta":{"footnotes":""},"class_list":["post-30","page","type-page","status-publish","hentry"],"_links":{"self":[{"href":"https:\/\/korpiselka.fi\/index.php?rest_route=\/wp\/v2\/pages\/30","targetHints":{"allow":["GET"]}}],"collection":[{"href":"https:\/\/korpiselka.fi\/index.php?rest_route=\/wp\/v2\/pages"}],"about":[{"href":"https:\/\/korpiselka.fi\/index.php?rest_route=\/wp\/v2\/types\/page"}],"author":[{"embeddable":true,"href":"https:\/\/korpiselka.fi\/index.php?rest_route=\/wp\/v2\/users\/7"}],"replies":[{"embeddable":true,"href":"https:\/\/korpiselka.fi\/index.php?rest_route=%2Fwp%2Fv2%2Fcomments&post=30"}],"version-history":[{"count":4,"href":"https:\/\/korpiselka.fi\/index.php?rest_route=\/wp\/v2\/pages\/30\/revisions"}],"predecessor-version":[{"id":872,"href":"https:\/\/korpiselka.fi\/index.php?rest_route=\/wp\/v2\/pages\/30\/revisions\/872"}],"wp:attachment":[{"href":"https:\/\/korpiselka.fi\/index.php?rest_route=%2Fwp%2Fv2%2Fmedia&parent=30"}],"curies":[{"name":"wp","href":"https:\/\/api.w.org\/{rel}","templated":true}]}}